{"id":5,"date":"2012-11-19T13:13:32","date_gmt":"2012-11-19T13:13:32","guid":{"rendered":"https:\/\/koel.at\/?page_id=5"},"modified":"2013-08-23T09:51:42","modified_gmt":"2013-08-23T09:51:42","slug":"5-2","status":"publish","type":"page","link":"http:\/\/koel.at\/","title":{"rendered":"Der akademische Bund katholisch-\u00f6sterreichischer Landsmannschaften"},"content":{"rendered":"<p style=\"text-align: center;\">\n<p><img decoding=\"async\" class=\"aligncenter\" alt=\"\" src=\"images\/Titelbild3.jpg\" \/><\/p>\n<p>&nbsp;<\/p>\n<p>Der Akademische Bund katholisch-\u00f6sterreichischer Landsmannschaften fungiert als Dachorganisation aller katholisch-\u00f6sterreichischen Landsmannschaften in \u00d6sterreich und in den mittel- und osteurop\u00e4ischen L\u00e4ndern des Donauraums.<\/p>\n<p>Der Bund bezweckt, das Programm und die Grunds\u00e4tze der katholisch-\u00f6sterreichischen Landsmannschaften vor allem in den Kreisen der Akademikerschaft, dar\u00fcber hinaus auch allen anderen \u00d6sterreichern bekannt zu machen und f\u00fcr seine Ideale zu werben. Als akademischer Bund versteht er sich als Interessensvertretung f\u00fcr Studierende und Akademiker<em>. <\/em>Weiters will er allen Bundes-Corporationen mit Rat und Tat zur Seite stehen und diese in allen Belangen unterst\u00fctzen.<\/p>\n<p>Die Grunds\u00e4tze der katholisch-\u00f6sterreichischen Landsmannschaften sind:<\/p>\n<p style=\"text-align: center;\"><strong>Glaube, Vaterland, Wissenschaft und Lebensfreundschaft<\/strong><\/p>\n","protected":false},"excerpt":{"rendered":"<p>&nbsp; Der Akademische Bund katholisch-\u00f6sterreichischer Landsmannschaften fungiert als Dachorganisation aller katholisch-\u00f6sterreichischen Landsmannschaften in \u00d6sterreich und in den mittel- und osteurop\u00e4ischen L\u00e4ndern des Donauraums. Der Bund bezweckt, das Programm und die Grunds\u00e4tze der katholisch-\u00f6sterreichischen Landsmannschaften vor allem in den Kreisen der Akademikerschaft, dar\u00fcber hinaus auch allen anderen \u00d6sterreichern bekannt zu machen und f\u00fcr seine Ideale zu &#8230; <a href=\"http:\/\/koel.at\/\">Continue Reading<\/a><\/p>\n","protected":false},"author":1,"featured_media":0,"parent":0,"menu_order":0,"comment_status":"closed","ping_status":"closed","template":"","meta":{"footnotes":""},"class_list":["post-5","page","type-page","status-publish","hentry"],"_links":{"self":[{"href":"http:\/\/koel.at\/index.php?rest_route=\/wp\/v2\/pages\/5","targetHints":{"allow":["GET"]}}],"collection":[{"href":"http:\/\/koel.at\/index.php?rest_route=\/wp\/v2\/pages"}],"about":[{"href":"http:\/\/koel.at\/index.php?rest_route=\/wp\/v2\/types\/page"}],"author":[{"embeddable":true,"href":"http:\/\/koel.at\/index.php?rest_route=\/wp\/v2\/users\/1"}],"replies":[{"embeddable":true,"href":"http:\/\/koel.at\/index.php?rest_route=%2Fwp%2Fv2%2Fcomments&post=5"}],"version-history":[{"count":14,"href":"http:\/\/koel.at\/index.php?rest_route=\/wp\/v2\/pages\/5\/revisions"}],"predecessor-version":[{"id":121,"href":"http:\/\/koel.at\/index.php?rest_route=\/wp\/v2\/pages\/5\/revisions\/121"}],"wp:attachment":[{"href":"http:\/\/koel.at\/index.php?rest_route=%2Fwp%2Fv2%2Fmedia&parent=5"}],"curies":[{"name":"wp","href":"https:\/\/api.w.org\/{rel}","templated":true}]}}